{"id":8767,"date":"2025-02-18T12:20:14","date_gmt":"2025-02-18T10:20:14","guid":{"rendered":"https:\/\/bodegamassana.com\/horta\/"},"modified":"2025-02-18T12:20:14","modified_gmt":"2025-02-18T10:20:14","slug":"horta","status":"publish","type":"page","link":"https:\/\/bodegamassana.com\/es\/horta\/","title":{"rendered":"Horta"},"content":{"rendered":"<p>[et_pb_section fb_built=\u00bb1&#8243; admin_label=\u00bbsection\u00bb _builder_version=\u00bb4.16&#8243; global_colors_info=\u00bb{}\u00bb][et_pb_row _builder_version=\u00bb4.27.4&#8243; _module_preset=\u00bbdefault\u00bb][et_pb_column _builder_version=\u00bb4.27.4&#8243; _module_preset=\u00bbdefault\u00bb type=\u00bb4_4&#8243;][et_pb_text _builder_version=\u00bb4.27.4&#8243; _module_preset=\u00bbdefault\u00bb hover_enabled=\u00bb0&#8243; sticky_enabled=\u00bb0&#8243;]<\/p>\n<p style=\"text-align: center;\"><strong>HORTA<\/strong><\/p>\n<p>La primera referencia a Horta es del a\u00f1o 965, cuando se menciona el valle de Horta en una donaci\u00f3n de tierras a la iglesia de San Miguel de Barcelona. Entre las familias que tuvieron propiedades importantes en la zona, relacionadas con la nobleza militar y la Iglesia, hay referencias a la familia Horta desde el a\u00f1o 1034. Esta familia promovi\u00f3 la parroquia de San Juan de Horta, de la que ya se tiene noticia en el a\u00f1o 1095.<\/p>\n<p>El crecimiento del n\u00facleo de poblaci\u00f3n entre el siglo XVI y principios del siglo XX est\u00e1 muy ligado a la existencia de grandes cantidades de agua en la zona, lo que hizo posible la instalaci\u00f3n de numerosas lavander\u00edas, hasta el punto de que a principios del siglo XX se lavaba ropa procedente de toda Barcelona. La prosperidad se acentu\u00f3 con la llegada del tranv\u00eda a partir de 1901.<\/p>\n<p>Actualmente, el barrio mantiene la estructura del n\u00facleo antiguo en torno a la Plaza Ibiza y cuenta con una ampliaci\u00f3n residencial de edificaciones aisladas unifamiliares y plurifamiliares.<\/p>\n<p data-start=\"1090\" data-end=\"1626\">Un elemento patrimonial muy destacado de Horta es el Parque del Laberinto, que alberga el jard\u00edn m\u00e1s antiguo de todos los que se conservan en Barcelona. Comenzado en 1794 dentro de una finca de los marqueses de Alfarr\u00e0s, es un magn\u00edfico exponente de los jardines neocl\u00e1sicos del siglo XVIII. Fue adquirido por el Ayuntamiento en 1967 y abierto como parque p\u00fablico en 1970. Han sido necesarias sucesivas restauraciones para mantener en condiciones adecuadas el delicado laberinto vegetal y el resto de ornamentaciones y juegos de agua.<\/p>\n<p>Otras edificaciones destacables son el vel\u00f3dromo construido con motivo de los Juegos Ol\u00edmpicos de 1992 y, por otro lado, la mas\u00eda de Can Cortada, con or\u00edgenes en el siglo XI y reformas en los siglos XVI y XVIII.<\/p>\n<p>[\/et_pb_text][\/et_pb_column][\/et_pb_row][et_pb_row _builder_version=\u00bb4.27.4&#8243; _module_preset=\u00bbdefault\u00bb column_structure=\u00bb3_5,2_5&#8243;][et_pb_column _builder_version=\u00bb4.27.4&#8243; _module_preset=\u00bbdefault\u00bb type=\u00bb3_5&#8243;][et_pb_text _builder_version=\u00bb4.27.4&#8243; _module_preset=\u00bbdefault\u00bb hover_enabled=\u00bb0&#8243; sticky_enabled=\u00bb0&#8243;]<\/p>\n<p style=\"text-align: center;\"><strong>EL TERRITORIO Y LOS BARRIOS<\/strong><\/p>\n<p>La historia del actual distrito de Horta-Guinard\u00f3 comienza en el antiguo valle de Horta, conocido ahora como valle de Hebr\u00f3n, que es donde se desarroll\u00f3 el municipio del mismo nombre antes de agregarse a Barcelona en 1904. Este origen sigue marcando fuertemente la realidad del distrito, lo que se refleja en su divisi\u00f3n en once barrios, siguiendo criterios hist\u00f3ricos. En el norte, bajo Collserola, se encuentran los n\u00facleos que forman actualmente el valle, como San Gen\u00eds dels Agudells, Montbau, la Vall d&#8217;Hebron, la Teixonera, la Clota, el Carmel, la Font d&#8217;en Fargues y el casco antiguo de Horta, que incluye el vecindario de la Font del Gos, un conjunto de viviendas con 500 residentes dentro del parque natural de Collserola.<\/p>\n<p>En la parte baja del distrito, por debajo de la cresta del Carmel y del Tur\u00f3 de la Rovira, est\u00e1n los barrios del Guinard\u00f3 (el m\u00e1s poblado de esta unidad territorial, con m\u00e1s de 36.000 habitantes), el Baix Guinard\u00f3 y dos importantes zonas verdes (el parque de las Aig\u00fces y los jardines Pr\u00edncipe de Girona), adem\u00e1s de Can Bar\u00f3.<\/p>\n<p>[\/et_pb_text][\/et_pb_column][et_pb_column _builder_version=\u00bb4.27.4&#8243; _module_preset=\u00bbdefault\u00bb type=\u00bb2_5&#8243;][et_pb_image src=\u00bbhttps:\/\/bodegamassana.com\/wp-content\/uploads\/2012\/04\/hortamapa3.jpg\u00bb _builder_version=\u00bb4.27.4&#8243; _module_preset=\u00bbdefault\u00bb title_text=\u00bbhortamapa\u00bb hover_enabled=\u00bb0&#8243; sticky_enabled=\u00bb0&#8243;][\/et_pb_image][\/et_pb_column][\/et_pb_row][et_pb_row _builder_version=\u00bb4.27.4&#8243; _module_preset=\u00bbdefault\u00bb][et_pb_column _builder_version=\u00bb4.27.4&#8243; _module_preset=\u00bbdefault\u00bb type=\u00bb4_4&#8243;][et_pb_text _builder_version=\u00bb4.27.4&#8243; _module_preset=\u00bbdefault\u00bb hover_enabled=\u00bb0&#8243; sticky_enabled=\u00bb0&#8243;]<\/p>\n<p style=\"text-align: center;\"><strong>HISTORIA DE UN VALLE<\/strong><\/p>\n<p>A la hora de hacer una historia del distrito de Horta-Guinard\u00f3, hay una zona que destaca por su importancia: Horta, el \u00fanico de los actuales barrios del distrito que fue un municipio independiente. Este hecho le otorga un car\u00e1cter hist\u00f3rico especial. Sin embargo, hay que tener en cuenta que al hablar hist\u00f3ricamente de Horta no se hace referencia al actual barrio, sino al Valle de Horta, donde se desarroll\u00f3 el municipio de ese mismo nombre y que hoy conocemos como Vall d\u2019Hebron, incluyendo barrios como Horta, Montbau, San Gen\u00eds, Vall d\u2019Hebron, la Clota, la Font del Gos, el Carmel y la Teixonera.<\/p>\n<p style=\"text-align: center;\"><strong>LA SITUACI\u00d3N DE HORTA<\/strong><\/p>\n<p>L\u2019antic municipi d\u2019Horta, al nord de la ciutat de Barcelona, tenia al moment de la seva annexi\u00f3 a la Ciutat Comtal, el primer de gener de 1904, un per\u00edmetre molt vast i limitava amb els municipis, tamb\u00e9 independents, de Sant Gervasi de Cassoles (sud-oest), Gr\u00e0cia (sud i sud-est), Sant Andreu de Palomar (est), ara agregats a Barcelona, i amb els de Cerdanyola i Sant Cugat del Vall\u00e8s (nord).<\/p>\n<p data-start=\"4011\" data-end=\"5141\">El territorio est\u00e1 centrado por un amplio valle, el valle de Horta, y cerrado a ambos lados por colinas y montes. En la vertiente septentrional se encuentran las laderas de la sierra de Collserola, desde Coll Serola (que da nombre a la sierra) al este, hasta el Tur\u00f3 de les Roquetes (305 metros) al oeste, pasando por el Tur\u00f3 de Sant Gen\u00eds (con la ermita de Sant Cebri\u00e0 y Santa Justina), los montes de Magarola y de Valldaura (422 metros), y el Coll de la Ventosa. En el otro lado del valle, est\u00e1n el Tur\u00f3 de la Creueta del Coll o d&#8217;en Falc\u00f3 (249 metros), el Tur\u00f3 del Carmel (267 metros), separados por el Coll de Font-r\u00fabia (antiguo nombre del santuario del Coll), el Tur\u00f3 de la Rovira (261 metros), con la fuente de en Fargas, montes conocidos en conjunto como la Muntanya Pelada. M\u00e1s al noreste se encuentra el Tur\u00f3 de la Peira (133 metros) o de Montadell, de donde se extrajeron piedras para las antiguas construcciones. Estas colinas, hasta hace pocos siglos, estaban llenas de \u00e1rboles y una frondosa vegetaci\u00f3n, con abundante caza, pero la acci\u00f3n del hombre las ha transformado en zonas urbanizadas o pr\u00e1cticamente \u00e1ridas.<\/p>\n<p data-start=\"5143\" data-end=\"5568\">Las numerosas torrenteras desembocan en la riera dels Agudells (que por Vallcarca y el Putget contin\u00faa por el torrente de l\u2019Olla en Gr\u00e0cia) o en la riera de Horta, que tras recibir los torrentes de Valldaura, de Duran y dels Agudells, contin\u00faa por tierras de Sant Andreu de Palomar hasta el mar. Estas torrenteras que alimentan el valle de Horta descienden de las laderas de la sierra de Collserola y de la Muntanya Pelada.<\/p>\n<p>El antiguo t\u00e9rmino de Horta tuvo inicialmente dos centros de poblaci\u00f3n: el de la parroquia rural de Sant Gen\u00eds dels Agudells, consagrada ya en el a\u00f1o 931 (seg\u00fan Carreras i Candi, una de las m\u00e1s peque\u00f1as y pobres del territorio de Barcelona), situada en las laderas de la sierra de Collserola (en el sector llamado la sierra de los Agudells), y su sufrag\u00e1nea de Sant Joan d\u2019Horta, en el fondo del valle, mencionada desde 1095 y que, a lo largo del siglo XIX, acabar\u00eda tomando la capitalidad eclesi\u00e1stica y municipal de Sant Gen\u00eds debido a su muy superior expansi\u00f3n demogr\u00e1fica y urbana. Describiremos primero la historia y evoluci\u00f3n del n\u00facleo de Horta, con los sectores de la Clota, la Font d\u2019en Fargas y la Font del Gos; luego, los de Sant Gen\u00eds dels Agudells, Vallcarca y els Penitents, Montbau, el Parc de la Vall d\u2019Hebron, el Carmel, el Coll y la Taxonera, que son los barrios o vecindarios que se han ido formando a lo largo del tiempo dentro del antiguo t\u00e9rmino municipal y que hoy forman un continuo urbano con el resto de la ciudad.<\/p>\n<p style=\"text-align: center;\"><strong>LAS FAMILIAS<\/strong><\/p>\n<p data-start=\"0\" data-end=\"702\">Importantes familias se establecieron all\u00ed desde el siglo XIV, como los Vallseca, que a menudo fueron miembros del Consejo de Ciento de Barcelona (como los Horta) y que dieron hombres ilustres, como el jurista y pol\u00edtico Guillem Valseca (muerto despu\u00e9s de 1412), consejero en jefe y embajador de los reyes; se establecieron en la Torre Sobirana (antes de Pere Mar\u00ed), la futura Laberinto, propiedad que pas\u00f3 a los Desvalls. Tambi\u00e9n construyeron casas en Horta los Llull, due\u00f1os de una gran parte de la Vilanova de la Mar, con palacio en el Born; los Llobet, con palacio en la calle de Montcada; los Sapila, los Sitges, los Cervi\u00e0, los Sabastida, los Mariner, una familia de gran prestigio sociopol\u00edtico.<\/p>\n<p data-start=\"704\" data-end=\"1043\">Despu\u00e9s del decreto de Nueva Planta, se regularon los nuevos municipios de la administraci\u00f3n borb\u00f3nica y Horta permaneci\u00f3 bajo el municipio de Sant Gen\u00eds dels Agudells, pero el crecimiento del n\u00facleo de Horta hizo que, ya en el siglo XVIII, se levantara la casa consistorial (1768) en la plaza de Santes Creus de Horta, restaurada en 1896.<\/p>\n<p data-start=\"1045\" data-end=\"1488\">El escudo municipal, hasta la primera mitad del XIX, llevaba el nombre de Sant Gen\u00eds dels Agudells de Horta y los tres p\u00e1jaros propios de Sant Gen\u00eds, pero luego perdi\u00f3 tanto el nombre como las armas. En 1888, Horta contaba con los distritos de Vallcarca, los Penitentes, Sant Gen\u00eds dels Agudells y el Coll, y en 1903, cuando fue anexionada, comprend\u00eda, adem\u00e1s de Horta, los barrios de la Clota, el Coll, Vallcarca, Sant Gen\u00eds y los Penitentes.<\/p>\n<p data-start=\"1490\" data-end=\"1791\">El siglo XVIII represent\u00f3 una recuperaci\u00f3n econ\u00f3mica general en el pa\u00eds que afect\u00f3 especialmente a Barcelona y los pueblos de los alrededores. Horta ten\u00eda dentro de su t\u00e9rmino municipal un amplio asentamiento disperso entre campos y vi\u00f1edos, y las mas\u00edas acompa\u00f1aban las casas de nobles y fabricantes.<\/p>\n<p data-start=\"1793\" data-end=\"2333\">Entre las actividades econ\u00f3micas, aparte de las tradicionales agropecuarias, que dieron una nueva vitalidad al barrio, la m\u00e1s caracter\u00edstica fue la de las lavanderas, las mujeres que se dedicaban a lavar la ropa de la gente de Barcelona, con las cuales estaba vinculada toda una industria relacionada con la ropa y el agua. La industria del cuero estuvo representada por la Adober\u00eda de Barcelona de la empresa Deu y Compa\u00f1\u00eda (1789), instalada en Can Fontaner, antigua casa de recreo, y otras curtidur\u00edas, y tambi\u00e9n hubo f\u00e1bricas de almid\u00f3n.<\/p>\n<p data-start=\"2335\" data-end=\"3124\" data-is-last-node=\"\">Seg\u00fan la respuesta al cuestionario de F. de Zamora, en 1789 trabajaban en la curtidur\u00eda 26 personas, y adem\u00e1s hab\u00eda 36 recolectores, 320 jornaleros, 5 artesanos, 2 m\u00e9dicos, 2 cirujanos, 1 boticario, 16 obreros (2 maestros de obras, 2 carpinteros, 2 maestros de carromatos, 2 herreros, 2 zapateros, 3 tejedores, un sastre, un zapatero y un barbero). Es decir, que la actividad de lavanderas y curtidores fue predominante hasta principios del siglo XX, y del cuero derivaron zapateros, guarnicioneros, guanteros y encuadernadores. Pero Horta nunca fue un pueblo industrial, sino agr\u00edcola, y hoy la econom\u00eda de la poblaci\u00f3n gira en torno al peque\u00f1o comercio, profesiones liberales, administrativos, directivos y t\u00e9cnicos y, sobre todo, constituye un barrio dormitorio de tipo semiresidencial.<\/p>\n<p style=\"text-align: center;\"><strong>LAVANDERIAS Y CURTIDORES<\/strong><\/p>\n<p data-start=\"0\" data-end=\"1107\">En los eventos de tipo pol\u00edtico y social de la historia contempor\u00e1nea del barrio, podemos destacar la repercusi\u00f3n de los hechos de la Semana Tr\u00e1gica de 1909, cuando los revoltosos se agruparon en San Andr\u00e9s y Horta y quemaron el convento de las dominicas y la vieja iglesia de San Juan. El ambiente de los a\u00f1os veinte fue muy tenso y tuvo relevancia la Sociedad de Alba\u00f1iles de Horta, de ideolog\u00eda de izquierdas y anarquista (los alba\u00f1iles de Horta gozaban de renombre en todo el Pla de Barcelona). Tras los a\u00f1os oscuros de la Dictadura, cuando fueron clausurados el Centro Catal\u00e1n y otros grupos y partidos pol\u00edticos, la Rep\u00fablica trajo un resurgimiento, reflejado en publicaciones como <em data-start=\"688\" data-end=\"705\">La Vall d&#8217;Horta<\/em>, <em data-start=\"707\" data-end=\"719\">El bolet\u00edn<\/em> o <em data-start=\"722\" data-end=\"732\">La Peira<\/em>. El car\u00e1cter residencial hizo que la poblaci\u00f3n presentara durante la Guerra Civil una relativa normalidad (los primeros incidentes tuvieron lugar en las calles de Fulton y Horta, debido a la FAI, que ocupaba la mas\u00eda de Can Querol), y la postguerra fue igualmente tranquila hasta la gran ola inmigratoria de los a\u00f1os 1950-60, que trajo grandes transformaciones sociol\u00f3gicas.<\/p>\n<p data-start=\"1109\" data-end=\"1753\">El n\u00facleo urbano de la poblaci\u00f3n de Horta se form\u00f3 a partir del siglo XVI alrededor de la Plaza Mayor, hoy Plaza de Santes Creus, donde se agrupaban los jornaleros para repartirse en la subasta de la bolsa de trabajo. El momento de expansi\u00f3n de la segunda mitad del siglo XIX, cuando consigui\u00f3 la independencia municipal, se dio a lo largo de la Calle Mayor, y aument\u00f3 con la instalaci\u00f3n de las colonias de veraneo (la primera en la Rambla Cortada, hoy de Campoamor) y la construcci\u00f3n de nuevas torres a partir de la epidemia de fiebre amarilla de 1870, que convirti\u00f3 a la poblaci\u00f3n en un n\u00facleo residencial de la peque\u00f1a burgues\u00eda barcelonesa.<\/p>\n<p data-start=\"1755\" data-end=\"2465\">De 1845 al comienzo del siglo, la poblaci\u00f3n pas\u00f3 de 1.855 habitantes a 6.035 habitantes, y muchos propietarios de mas\u00edas y tierras vendieron las propiedades como solares para la construcci\u00f3n. Despu\u00e9s de 1904 se empedr\u00f3 la Calle Mayor (desde la riera del callej\u00f3n de Castell\u00f3) y se urbaniz\u00f3 la Plaza Eivissa, que desplaz\u00f3 a la de Santes Creus como centro urbano. Las calles m\u00e1s caracter\u00edsticas de la parte antigua son la Rambla de Cortada, la calle de Feliu y Codina, de Salses, de Canig\u00f3, de los Maestro Dalmau. La sustituci\u00f3n de las casas de planta baja por bloques de pisos ha representado, adem\u00e1s de la p\u00e9rdida del car\u00e1cter tradicional, una densidad demogr\u00e1fica que ha hecho insuficientes los equipamientos.<\/p>\n<p data-start=\"2467\" data-end=\"3217\" data-is-last-node=\"\">La iglesia parroquial de San Juan de Horta tuvo su emplazamiento original junto a Can Cortada (quedando el nombre de la calle de la Iglesia), al norte del centro del n\u00facleo urbano (quemada el \u00faltimo d\u00eda de la Semana Tr\u00e1gica, se conserv\u00f3 hasta bien entrado el siglo). En 1905, el cardenal Casa\u00f1as bendijo la colocaci\u00f3n de la primera piedra de un nuevo templo en el lugar actual, m\u00e1s c\u00e9ntrico, que se inaugur\u00f3 parcialmente en 1911 y se termin\u00f3 en 1917. Incendiada y devastada en julio de 1936, fue totalmente reconstruida en la postguerra con un estilo neog\u00f3tico modernizado y no consigui\u00f3 su aspecto definitivo hasta 1980, cuando se inauguraron la puerta y el t\u00edmpano de la fachada, obra del pintor J. Torras y Viver, quien tambi\u00e9n decor\u00f3 el interior.<\/p>\n<p style=\"text-align: center;\"><strong>URBANISMO<\/strong><\/p>\n<p data-start=\"0\" data-end=\"221\">Adem\u00e1s de las torres modernistas que quedan, las mejores en la calle Campoamor, tienen un gran inter\u00e9s las antiguas mas\u00edas, unas 45, algunas de campesinos y otras de nobles y gente adinerada, de las cuales restan unas 10.<\/p>\n<p data-start=\"223\" data-end=\"1537\">Can Cortada, al final de la calle de Campoamor, es una antigua construcci\u00f3n medieval, antigua torre fortificada que corresponde a la fundada por la familia Horta, cuyos propietarios, los Oriola Cortada, condes de la Vall de Merl\u00e8s, ten\u00edan el patronato de la iglesia de San Juan; conserva ventanales g\u00f3ticos de \u00e9pocas diferentes; en su subsuelo han aparecido restos de una villa romana. Can Querol, en el paseo de Maragall, cerca de las calles de Petrarca y de San Alexandre, es un edificio del siglo XVIII de planta cuadrada con bonitos esgrafiados, reformado y ampliado, que alberga la residencia de ancianos de la Fundaci\u00f3n Valldejuli. Can Fargas, en la calle de Frederic Rahola, cerca del paseo de Maragall y de la calle de Peris Mencheta, es mencionada ya en 1300 y es propiedad de los Fargas de Casanoves desde 1734; es un notable edificio con una amplia galer\u00eda y grandes contrafuertes, rodeado de pinos. Can Mariner, en la calle de Horta, esquina con la del Vent, restaurada en 1950, es una de las mas\u00edas m\u00e1s grandes y bien conservadas. Tambi\u00e9n se debe citar Ca N\u2019Andalet, sede del centro territorial de Barcelona Activa en Horta-Guinard\u00f3, en la Clota; Can Carabassa, edificio neocl\u00e1sico sede del colegio SAFA; Can Masd\u00e9u, Can Notari, Ca la S\u00ednia, Can Papanaps, Can Travi Vell, Can Travi Nou, Can Santgen\u00eds\u2026<\/p>\n<p data-start=\"1539\" data-end=\"2674\">Los Jardines del Laberinto forman un notable conjunto, actualmente propiedad del municipio de Barcelona, alrededor de una antigua mansi\u00f3n de los Vallseca y luego de los Roger, que pas\u00f3 en el siglo XVIII a los Desvalls, marqueses del Poal y de Llupi\u00e0 y luego de Alfarr\u00e0s (quedan vestigios de la antigua Torre Sobirana detr\u00e1s del palacio construido en el siglo pasado, con fachada neomusulmana); los jardines fueron creados a partir de 1793 por Joan Antoni Desvalls y d&#8217;Ardena (quien fue un destacado matem\u00e1tico y cient\u00edfico) con la ayuda del maestro de obras Andreu Valls y seg\u00fan los planos del ingeniero italiano Domenico Bagutti; el c\u00edrculo de cipreses y las conducciones de agua son de 1797-99 y fueron decorados con esculturas, un templete y balaustres. Los jardines se encuentran situados en el paseo de la Vall d&#8217;Hebron, al norte del antiguo pueblo (paseo que sigue la llamada carretera de Cornell\u00e0 a Fogars de Tordera, abierta en 1869), al pie de Collserola, entre las Llars Mundet y el acceso a Can Papanaps. Actualmente son un jard\u00edn-museo y en una parte del edificio hay oficinas del Instituto Municipal de Parques y Jardines.<\/p>\n<p data-start=\"2676\" data-end=\"3153\">Tambi\u00e9n cerca de las Llars Mundet se encuentra el Palacio de las Horas (o Can Gallart), residencia con cuatro torres redondas coronadas por picos c\u00f3nicos, al estilo de los <em data-start=\"2848\" data-end=\"2858\">ch\u00e2teaux<\/em> franceses, construido en 1895-98 seg\u00fan los planos de A. Font y Carreras para el naviero Gallart, que conten\u00eda un espl\u00e9ndido mobiliario y notables obras de arte; actualmente es propiedad de la Diputaci\u00f3n de Barcelona y constituye un anexo de las Llars Mundet. Acoge la Fundaci\u00f3n Bosch i Gimpera.<\/p>\n<p data-start=\"3155\" data-end=\"3553\" data-is-last-node=\"\">La Torre de la Granja Vella, que hab\u00eda pertenecido a Joan Sabastida (siglo XV), pas\u00f3 a propiedad de los jer\u00f3nimos de la Vall d&#8217;Hebron y, despu\u00e9s de la desamortizaci\u00f3n, pas\u00f3 al banquero Llu\u00eds Mart\u00ed y Codolar, quien estableci\u00f3 una granja agr\u00edcola, jardines y parques e incluso un zool\u00f3gico (n\u00facleo inicial del Zoo de Barcelona); Don Bosco la visit\u00f3 en 1885 y fue cedida poco despu\u00e9s a los salesianos.<\/p>\n<p style=\"text-align: center;\"><strong>LAS ENTIDADES<\/strong><\/p>\n<p data-start=\"0\" data-end=\"1019\">Entre las entidades de tipo cultural y asociativo que han centrado la vida del barrio, destacamos en primer lugar el Centre Parroquial dels Llu\u00efsos, fundado en 1866 en Cal Xicus (calle Baix d&#8217;en Mariner) por el sacerdote Llu\u00eds Cantarella, que se ha convertido en uno de los centros m\u00e1s activos, con secciones de excursionismo, fotograf\u00eda, biblioteca, centro literario y teatral. Entre los organismos filiales destacan el Esbart d&#8217;Horta, fundado por J.M. Castells i Andilla, y el Grup d&#8217;Estudis Teatrals d&#8217;Horta, nacido bajo la iniciativa de Josep Montany\u00e8s en 1964, que ha tenido repercusi\u00f3n en todo el pa\u00eds. El Ateneo fue fundado en 1868 con el nombre de C\u00edrcol Hortenc y cuenta con biblioteca, secci\u00f3n de ajedrez, sala de actividades art\u00edsticas, etc. La Vanguardia Obrera, fundada en 1894 para elevar el nivel cultural de sus asociados, form\u00f3 parte del movimiento cooperativo catal\u00e1n a trav\u00e9s de la Federaci\u00f3n de Cooperativas de Consumo y otras entidades; depend\u00edan de \u00e9l escuelas, secciones de m\u00fasica, deportes, etc.<\/p>\n<p data-start=\"1021\" data-end=\"1483\">El Foment es una entidad muy arraigada en Horta; fue fundada en 1887 como continuaci\u00f3n de la Sociedad Casino Familiar de la plaza de Santes Creus y, en 1917, con el nombre de Foment Hortenc se instal\u00f3 en el local de la calle Alt d&#8217;en Mariner (edificio de Pere Serra y Pau); destruido por el fuego en 1946, fue reconstruido en 1948 y tiene sala de reuniones, conferencias y exposiciones, adem\u00e1s de contar con una biblioteca; de \u00e9l depende un buen grupo de teatro.<\/p>\n<p data-start=\"1485\" data-end=\"1755\">Otras entidades se dedican m\u00e1s intensamente al deporte, como el Club de Tenis Horta (de 1912), en terrenos de la antigua iglesia, la Uni\u00f3 Atl\u00e8tica Horta, la Uni\u00f3 Esportiva d&#8217;Horta, la Uni\u00f3 Excursionista d&#8217;Horta, que al mismo tiempo cumplen una funci\u00f3n c\u00edvica y cultural.<\/p>\n<p data-start=\"1757\" data-end=\"3418\">Entre los centros asistenciales, muy numerosos en Horta y que superan completamente el \u00e1mbito del barrio, mencionamos primero la Instituci\u00f3n o Patronato Ribas, asilo de hu\u00e9rfanos fundado por Llu\u00eds Ribas i Regordosa, edificio del arquitecto Enric Sagnier, rodeado de jardines, hoy instituto de formaci\u00f3n profesional y de bachillerato; entre las Heures y el Laberinto se encuentra el gran complejo asistencial centrado en las Llars Anna Gironella de Mundet, que ha recogido muchas de las instalaciones de la Casa de Caridad de Barcelona; ya en 1915, la Diputaci\u00f3n de Barcelona instal\u00f3, gracias al apoyo econ\u00f3mico de la Fundaci\u00f3n Alb\u00e0 (instituida por Miguel Alb\u00e0 y Andreu), un centro hospitalario de este nombre, en la antigua Torre dels Frares y un edificio construido por F. de P. Villar i Carmona (acabado por B. Bassegoda); la donaci\u00f3n de Artur Mundet i Carb\u00f3 (1954) impuls\u00f3 a la Diputaci\u00f3n de Barcelona a construir este conjunto asistencial, a partir de un edificio inacabado de 1927 y nuevos pabellones, obra del arquitecto Manuel Baldrich, para residencia de ancianos, adem\u00e1s de escuelas y centros de reeducaci\u00f3n de ni\u00f1os; los edificios est\u00e1n decorados con obras de destacados pintores y escultores (Subirachs, Clar\u00e0, E. Serra, Tharrats, Guinovart, etc.); el Hospital de San Rafael, especializado en ni\u00f1os, se encuentra en el paseo de la Vall d&#8217;Hebron (hasta 1967 en las Corts); junto a \u00e9l est\u00e1 la gran Ciudad Sanitaria de la Vall d&#8217;Hebron, con un conjunto de 2.300 camas y ambulatorio, uno de los m\u00e1s grandes y mejor equipados del Estado. Cerca, en el sector de Can Papanaps, se encuentra el Instituto Municipal de Psiquiatr\u00eda, construido a partir de 1971.<\/p>\n<p data-start=\"3420\" data-end=\"4667\" data-is-last-node=\"\">En el campo de la ense\u00f1anza, Horta tiene una buena tradici\u00f3n que arranca con el trabajo de un maestro prestigioso, Francesc Comerma i Bachs, maestro en el com\u00fan y autor de libros pedag\u00f3gicos, como <em data-start=\"3617\" data-end=\"3638\">Espigues i roselles<\/em> (1875) y <em data-start=\"3648\" data-end=\"3672\">Llibre de la infantesa<\/em> (1879), y con la labor de algunas escuelas laicas, como las escuelas de la cooperativa La Vangu\u00e0rdia Obrera, renovadas, que se mantuvieron hasta 1975. De las estatales se destaca la Escuela Unitaria, fundada en 1906, que estaba situada en el edificio del antiguo ayuntamiento de Horta, en la plaza Santes Creus, hoy en d\u00eda Centro de Servicios Sociales. Fue interesante la escuela que funcion\u00f3 durante la Guerra Civil en Can Gl\u00f2ria, esta Escuela Productiva, donde los propios alumnos explotaban y comercializaban tierras de cultivo. Entre las confesionales, destaca la Escuela Parroquial creada en 1904 por M. Bund\u00f3 y Vidal, con una fuerte sensibilidad catalana y muy arraigada al pueblo, que pas\u00f3 en 1912 a los hermanos de la Doctrina Cristiana (Escuelas La Salle-Horta). El colegio de las dominicas de la Anunciata, creado en 1878, tambi\u00e9n tiene una buena tradici\u00f3n (fue visitado por Maria Montessori). En 1913 se inaugur\u00f3 la <em data-start=\"4600\" data-end=\"4616\">\u00c9cole M\u00e9nag\u00e8re<\/em>, la primera escuela de hogar en el Estado espa\u00f1ol..<\/p>\n<p style=\"text-align: center;\"><strong>ARTES Y LLETRAS<\/strong><\/p>\n<p>Horta-Guinard\u00f3 ha tenido a lo largo del tiempo un gran n\u00famero de personalidades de la vida art\u00edstica y cultural vinculadas al barrio. Entre otras, se pueden citar a Santiago Rusi\u00f1ol, que vivi\u00f3 en Can Cortada, Miquel Utrillo, Rafael Llimona i Benet, Josep Serra i Llimona, Charles Collet y su esposa Ninon Collet, ceramista y pintora, y su hija, la pintora Claude Collet. Tambi\u00e9n el ceramista Jordi Aguad\u00e9 i Clos. Josep Pin\u00f3s, Xavier Valls i Subir\u00e0, las ilustradoras Carme Sol\u00e9 i Vendrell y Roser Capdevila i Valls. Escritores como Joan Brossa, recientemente desaparecido, Juan Mars\u00e9, Pep Albanell, Joaquim Carb\u00f3, M\u00e0rius Serra, Merc\u00e9 y Montserrat Canela, Anton Carrera, Manuel Cruells, Desideri D\u00edez, Teresa Duran, Feliu Formosa, Josep Maria Illa, Joan Josep Isern, Jos\u00e9 Luis Mart\u00edn, V\u00edctor Mora, Jordina Nadal, Marta Pessarrodona o Estanislau Torres. M\u00fasicos como Eul\u00f3gio D\u00e1valos o Tom\u00e1s Gil Membrado y artistas como Joan Mateos, Pere Munn\u00e9, Marisa Ordo\u00f1ez, la familia Palmero\u2026 Personajes de los que se habla ampliamente en el libro publicado este mismo a\u00f1o 1999 por el Distrito de Horta-Guinard\u00f3 en colaboraci\u00f3n con Publicaciones Municipales con el t\u00edtulo <em data-start=\"1157\" data-end=\"1189\">Art i lletres a Horta-Guinard\u00f3<\/em>.<\/p>\n<p><strong>\u00b7 Fuente:<\/strong> <a href=\"http:\/\/w110.bcn.cat\/portal\/site\/Horta-Guinardo\/menuitem.23197bec3721212dac91ac91a2ef8a0c\/?vgnextoid=233f4165799f9210VgnVCM10000074fea8c0RCRD&amp;vgnextchannel=233f4165799f9210VgnVCM10000074fea8c0RCRD&amp;lang=ca_ES\">Ajuntament de Barcelona<\/a><\/p>\n<p><strong>\u00b7 Galeria d\u2019Horta:<\/strong> <a href=\"https:\/\/bodegamassana.com\/portfolio\/bodega\/?lang=ca\">Fotos<\/a><\/p>\n<p>[\/et_pb_text][\/et_pb_column][\/et_pb_row][\/et_pb_section]<\/p>\n","protected":false},"excerpt":{"rendered":"<p>HORTA La primera referencia a Horta es del a\u00f1o 965, cuando se menciona el valle de Horta en una donaci\u00f3n de tierras a la iglesia de San Miguel de Barcelona. Entre las familias que tuvieron propiedades importantes en la zona, relacionadas con la nobleza militar y la Iglesia, hay referencias a la familia Horta desde [&hellip;]<\/p>\n","protected":false},"author":2,"featured_media":0,"parent":0,"menu_order":0,"comment_status":"closed","ping_status":"closed","template":"","meta":{"_et_pb_use_builder":"on","_et_pb_old_content":"","_et_gb_content_width":"","footnotes":""},"class_list":["post-8767","page","type-page","status-publish","hentry"],"yoast_head":"<!-- This site is optimized with the Yoast SEO plugin v26.7 - https:\/\/yoast.com\/wordpress\/plugins\/seo\/ -->\n<title>Horta - Bodega Massana<\/title>\n<meta name=\"robots\" content=\"index, follow, max-snippet:-1, max-image-preview:large, max-video-preview:-1\" \/>\n<link rel=\"canonical\" href=\"https:\/\/bodegamassana.com\/horta\/\" \/>\n<meta property=\"og:locale\" content=\"es_ES\" \/>\n<meta property=\"og:type\" content=\"article\" \/>\n<meta property=\"og:title\" content=\"Horta - Bodega Massana\" \/>\n<meta property=\"og:description\" content=\"HORTA La primera referencia a Horta es del a\u00f1o 965, cuando se menciona el valle de Horta en una donaci\u00f3n de tierras a la iglesia de San Miguel de Barcelona. Entre las familias que tuvieron propiedades importantes en la zona, relacionadas con la nobleza militar y la Iglesia, hay referencias a la familia Horta desde [&hellip;]\" \/>\n<meta property=\"og:url\" content=\"https:\/\/bodegamassana.com\/horta\/\" \/>\n<meta property=\"og:site_name\" content=\"Bodega Massana\" \/>\n<meta name=\"twitter:card\" content=\"summary_large_image\" \/>\n<meta name=\"twitter:label1\" content=\"Tiempo de lectura\" \/>\n\t<meta name=\"twitter:data1\" content=\"20 minutos\" \/>\n<script type=\"application\/ld+json\" class=\"yoast-schema-graph\">{\"@context\":\"https:\/\/schema.org\",\"@graph\":[{\"@type\":\"WebPage\",\"@id\":\"https:\/\/bodegamassana.com\/horta\/\",\"url\":\"https:\/\/bodegamassana.com\/horta\/\",\"name\":\"Horta - Bodega Massana\",\"isPartOf\":{\"@id\":\"https:\/\/bodegamassana.com\/#website\"},\"datePublished\":\"2025-02-18T10:20:14+00:00\",\"breadcrumb\":{\"@id\":\"https:\/\/bodegamassana.com\/horta\/#breadcrumb\"},\"inLanguage\":\"es\",\"potentialAction\":[{\"@type\":\"ReadAction\",\"target\":[\"https:\/\/bodegamassana.com\/horta\/\"]}]},{\"@type\":\"BreadcrumbList\",\"@id\":\"https:\/\/bodegamassana.com\/horta\/#breadcrumb\",\"itemListElement\":[{\"@type\":\"ListItem\",\"position\":1,\"name\":\"Inici\",\"item\":\"https:\/\/bodegamassana.com\/\"},{\"@type\":\"ListItem\",\"position\":2,\"name\":\"Horta\"}]},{\"@type\":\"WebSite\",\"@id\":\"https:\/\/bodegamassana.com\/#website\",\"url\":\"https:\/\/bodegamassana.com\/\",\"name\":\"Bodega Massana\",\"description\":\"Bodega Massana de Barcelona\",\"publisher\":{\"@id\":\"https:\/\/bodegamassana.com\/#organization\"},\"potentialAction\":[{\"@type\":\"SearchAction\",\"target\":{\"@type\":\"EntryPoint\",\"urlTemplate\":\"https:\/\/bodegamassana.com\/?s={search_term_string}\"},\"query-input\":{\"@type\":\"PropertyValueSpecification\",\"valueRequired\":true,\"valueName\":\"search_term_string\"}}],\"inLanguage\":\"es\"},{\"@type\":\"Organization\",\"@id\":\"https:\/\/bodegamassana.com\/#organization\",\"name\":\"Bodega Massana\",\"url\":\"https:\/\/bodegamassana.com\/\",\"logo\":{\"@type\":\"ImageObject\",\"inLanguage\":\"es\",\"@id\":\"https:\/\/bodegamassana.com\/#\/schema\/logo\/image\/\",\"url\":\"https:\/\/bodegamassana.com\/wp-content\/uploads\/2012\/04\/cropped-logo_cast1.jpg\",\"contentUrl\":\"https:\/\/bodegamassana.com\/wp-content\/uploads\/2012\/04\/cropped-logo_cast1.jpg\",\"width\":1158,\"height\":819,\"caption\":\"Bodega Massana\"},\"image\":{\"@id\":\"https:\/\/bodegamassana.com\/#\/schema\/logo\/image\/\"}}]}<\/script>\n<!-- \/ Yoast SEO plugin. -->","yoast_head_json":{"title":"Horta - Bodega Massana","robots":{"index":"index","follow":"follow","max-snippet":"max-snippet:-1","max-image-preview":"max-image-preview:large","max-video-preview":"max-video-preview:-1"},"canonical":"https:\/\/bodegamassana.com\/horta\/","og_locale":"es_ES","og_type":"article","og_title":"Horta - Bodega Massana","og_description":"HORTA La primera referencia a Horta es del a\u00f1o 965, cuando se menciona el valle de Horta en una donaci\u00f3n de tierras a la iglesia de San Miguel de Barcelona. Entre las familias que tuvieron propiedades importantes en la zona, relacionadas con la nobleza militar y la Iglesia, hay referencias a la familia Horta desde [&hellip;]","og_url":"https:\/\/bodegamassana.com\/horta\/","og_site_name":"Bodega Massana","twitter_card":"summary_large_image","twitter_misc":{"Tiempo de lectura":"20 minutos"},"schema":{"@context":"https:\/\/schema.org","@graph":[{"@type":"WebPage","@id":"https:\/\/bodegamassana.com\/horta\/","url":"https:\/\/bodegamassana.com\/horta\/","name":"Horta - Bodega Massana","isPartOf":{"@id":"https:\/\/bodegamassana.com\/#website"},"datePublished":"2025-02-18T10:20:14+00:00","breadcrumb":{"@id":"https:\/\/bodegamassana.com\/horta\/#breadcrumb"},"inLanguage":"es","potentialAction":[{"@type":"ReadAction","target":["https:\/\/bodegamassana.com\/horta\/"]}]},{"@type":"BreadcrumbList","@id":"https:\/\/bodegamassana.com\/horta\/#breadcrumb","itemListElement":[{"@type":"ListItem","position":1,"name":"Inici","item":"https:\/\/bodegamassana.com\/"},{"@type":"ListItem","position":2,"name":"Horta"}]},{"@type":"WebSite","@id":"https:\/\/bodegamassana.com\/#website","url":"https:\/\/bodegamassana.com\/","name":"Bodega Massana","description":"Bodega Massana de Barcelona","publisher":{"@id":"https:\/\/bodegamassana.com\/#organization"},"potentialAction":[{"@type":"SearchAction","target":{"@type":"EntryPoint","urlTemplate":"https:\/\/bodegamassana.com\/?s={search_term_string}"},"query-input":{"@type":"PropertyValueSpecification","valueRequired":true,"valueName":"search_term_string"}}],"inLanguage":"es"},{"@type":"Organization","@id":"https:\/\/bodegamassana.com\/#organization","name":"Bodega Massana","url":"https:\/\/bodegamassana.com\/","logo":{"@type":"ImageObject","inLanguage":"es","@id":"https:\/\/bodegamassana.com\/#\/schema\/logo\/image\/","url":"https:\/\/bodegamassana.com\/wp-content\/uploads\/2012\/04\/cropped-logo_cast1.jpg","contentUrl":"https:\/\/bodegamassana.com\/wp-content\/uploads\/2012\/04\/cropped-logo_cast1.jpg","width":1158,"height":819,"caption":"Bodega Massana"},"image":{"@id":"https:\/\/bodegamassana.com\/#\/schema\/logo\/image\/"}}]}},"_links":{"self":[{"href":"https:\/\/bodegamassana.com\/es\/wp-json\/wp\/v2\/pages\/8767","targetHints":{"allow":["GET"]}}],"collection":[{"href":"https:\/\/bodegamassana.com\/es\/wp-json\/wp\/v2\/pages"}],"about":[{"href":"https:\/\/bodegamassana.com\/es\/wp-json\/wp\/v2\/types\/page"}],"author":[{"embeddable":true,"href":"https:\/\/bodegamassana.com\/es\/wp-json\/wp\/v2\/users\/2"}],"replies":[{"embeddable":true,"href":"https:\/\/bodegamassana.com\/es\/wp-json\/wp\/v2\/comments?post=8767"}],"version-history":[{"count":0,"href":"https:\/\/bodegamassana.com\/es\/wp-json\/wp\/v2\/pages\/8767\/revisions"}],"wp:attachment":[{"href":"https:\/\/bodegamassana.com\/es\/wp-json\/wp\/v2\/media?parent=8767"}],"curies":[{"name":"wp","href":"https:\/\/api.w.org\/{rel}","templated":true}]}}